{"id":6672,"date":"2023-06-07T14:56:10","date_gmt":"2023-06-07T12:56:10","guid":{"rendered":"https:\/\/sc-aix.fr\/?page_id=6672"},"modified":"2025-11-28T02:38:54","modified_gmt":"2025-11-28T01:38:54","slug":"actualites-scaf","status":"publish","type":"page","link":"https:\/\/sc-aix.fr\/index.php\/actualites-scaf\/","title":{"rendered":"Actualit\u00e9s"},"content":{"rendered":"<div class=\"wpb-content-wrapper\" id=\"wpb-content-root\"><p>[vc_row][vc_column css_animation=&#8221;fadeInUp&#8221;]<div class=\"rs-blog-grid rs-blog \">\n\t\t\t\t\t<div class=\"row\"><div class=\"blog-item col-lg-6 col-md-12 style2 \">\n\t\t\t\t\t\t\t\t\t<div class=\"blog-img image-scale\">\n\t\t\t\t\t\t\t\t\t\t<div class=\"image-wrap\"><a href=\"https:\/\/sc-aix.fr\/?post_type=post&p=16892\"> <img loading=\"lazy\" decoding=\"async\" width=\"1200\" height=\"740\" src=\"https:\/\/sc-aix.fr\/wp-content\/uploads\/2026\/08\/montpellier.webp\" class=\"attachment-post-thumbnail size-post-thumbnail wp-post-image\" alt=\"Montpellier H\u00e9rault Sport Club\" srcset=\"https:\/\/sc-aix.fr\/wp-content\/uploads\/2026\/08\/montpellier.webp 1200w, https:\/\/sc-aix.fr\/wp-content\/uploads\/2026\/08\/montpellier-300x185.webp 300w, https:\/\/sc-aix.fr\/wp-content\/uploads\/2026\/08\/montpellier-1024x631.webp 1024w, https:\/\/sc-aix.fr\/wp-content\/uploads\/2026\/08\/montpellier-768x474.webp 768w, https:\/\/sc-aix.fr\/wp-content\/uploads\/2026\/08\/montpellier-255x157.webp 255w, https:\/\/sc-aix.fr\/wp-content\/uploads\/2026\/08\/montpellier-128x79.webp 128w, https:\/\/sc-aix.fr\/wp-content\/uploads\/2026\/08\/montpellier-32x20.webp 32w, https:\/\/sc-aix.fr\/wp-content\/uploads\/2026\/08\/montpellier-600x370.webp 600w\" sizes=\"auto, (max-width: 1200px) 100vw, 1200px\" \/> <\/a><\/div>\n\t\t\t\t\t\t\t\t\t\t<div class=\"all-meta\">\n\t\t\t\t\t\t\t\t\t\t\t<div class=\"meta meta-date\">\n\t\t\t\t\t\t\t\t\t\t<span class=\"month-day\">20<\/span>\n                                        <span class=\"month-name\">Ao\u00fbt<\/span>\n\t\t\t\t\t\t\t\t<\/div>\n\t\t\t\t\t\t\t\t\t \t\t<div class=\"meta author\"><i class=\"glyph-icon flaticon-user-1\"><\/i> <span class=\"author\"> SCAF<\/span><\/div>\n\t\t\t\t\t\t\t\t \t\t<\/div>\n\t\t\t\t\t\t\t\t \t<\/div>\n\t\t\t\t\t\t\t\t<div class=\"bottom-shadow1 blog-meta \">\n\t\t\t\t\t\t\t\t\t\t<h3 class=\"blog-title\"><a href=\"https:\/\/sc-aix.fr\/?post_type=post&p=16892\"> Une exp\u00e9rience enrichissante \u00e0 Montpellier <\/a><\/h3>\n\t\t\t\t\t\t\t\t\t\t<div class=\"blog-desc\">\n\t\t\t\t\t\t\t\tNotre \u00e9quipe premi\u00e8re poursuivait sa pr\u00e9paration pour la saison 2026\/2027 avec un nouveau rendez-vous de haut niveau face au Montpellier H\u00e9rault Sport Club (u19 Nationnal, D3), au prestigieux Centre d\u2019entra\u00eenement de Grammont. Se confronter \u00e0 l\u2019exigence du haut niveau...\n\t\t\t\t\t\t\t<\/div>\n\t\t\t\t\t\t\t\t\t\t<div class=\"blog-button\"><a href=\"https:\/\/sc-aix.fr\/?post_type=post&#038;p=16892\">En savoir plus<\/a><\/div>\n\t\t\t\t\t\t\t\t<\/div>\n\t\t\t\t\t\t\t<\/div><div class=\"blog-item col-lg-6 col-md-12 style2 \">\n\t\t\t\t\t\t\t\t\t<div class=\"blog-img image-scale\">\n\t\t\t\t\t\t\t\t\t\t<div class=\"image-wrap\"><a href=\"https:\/\/sc-aix.fr\/?post_type=post&p=16872\"> <img loading=\"lazy\" decoding=\"async\" width=\"1200\" height=\"740\" src=\"https:\/\/sc-aix.fr\/wp-content\/uploads\/2026\/08\/rousset.webp\" class=\"attachment-post-thumbnail size-post-thumbnail wp-post-image\" alt=\"SCAF vs FC Rousset SVO\" srcset=\"https:\/\/sc-aix.fr\/wp-content\/uploads\/2026\/08\/rousset.webp 1200w, https:\/\/sc-aix.fr\/wp-content\/uploads\/2026\/08\/rousset-300x185.webp 300w, https:\/\/sc-aix.fr\/wp-content\/uploads\/2026\/08\/rousset-1024x631.webp 1024w, https:\/\/sc-aix.fr\/wp-content\/uploads\/2026\/08\/rousset-768x474.webp 768w, https:\/\/sc-aix.fr\/wp-content\/uploads\/2026\/08\/rousset-255x157.webp 255w, https:\/\/sc-aix.fr\/wp-content\/uploads\/2026\/08\/rousset-128x79.webp 128w, https:\/\/sc-aix.fr\/wp-content\/uploads\/2026\/08\/rousset-32x20.webp 32w, https:\/\/sc-aix.fr\/wp-content\/uploads\/2026\/08\/rousset-600x370.webp 600w\" sizes=\"auto, (max-width: 1200px) 100vw, 1200px\" \/> <\/a><\/div>\n\t\t\t\t\t\t\t\t\t\t<div class=\"all-meta\">\n\t\t\t\t\t\t\t\t\t\t\t<div class=\"meta meta-date\">\n\t\t\t\t\t\t\t\t\t\t<span class=\"month-day\">16<\/span>\n                                        <span class=\"month-name\">Ao\u00fbt<\/span>\n\t\t\t\t\t\t\t\t<\/div>\n\t\t\t\t\t\t\t\t\t \t\t<div class=\"meta author\"><i class=\"glyph-icon flaticon-user-1\"><\/i> <span class=\"author\"> SCAF<\/span><\/div>\n\t\t\t\t\t\t\t\t \t\t<\/div>\n\t\t\t\t\t\t\t\t \t<\/div>\n\t\t\t\t\t\t\t\t<div class=\"bottom-shadow1 blog-meta \">\n\t\t\t\t\t\t\t\t\t\t<h3 class=\"blog-title\"><a href=\"https:\/\/sc-aix.fr\/?post_type=post&p=16872\"> Une mont\u00e9e en puissance face \u00e0 Rousset <\/a><\/h3>\n\t\t\t\t\t\t\t\t\t\t<div class=\"blog-desc\">\n\t\t\t\t\t\t\t\tPour son troisi\u00e8me match de pr\u00e9paration, le Soccer Club Aix-en-Provence F\u00e9minines affrontait Rousset. Une rencontre encourageante pour nos Aixoises, qui ont livr\u00e9 une belle prestation et poursuivent leur mont\u00e9e en puissance avant le d\u00e9but de la saison. D\u00e8s la...\n\t\t\t\t\t\t\t<\/div>\n\t\t\t\t\t\t\t\t\t\t<div class=\"blog-button\"><a href=\"https:\/\/sc-aix.fr\/?post_type=post&#038;p=16872\">En savoir plus<\/a><\/div>\n\t\t\t\t\t\t\t\t<\/div>\n\t\t\t\t\t\t\t<\/div><div class=\"blog-item col-lg-6 col-md-12 style2 \">\n\t\t\t\t\t\t\t\t\t<div class=\"blog-img image-scale\">\n\t\t\t\t\t\t\t\t\t\t<div class=\"image-wrap\"><a href=\"https:\/\/sc-aix.fr\/?post_type=post&p=16839\"> <img loading=\"lazy\" decoding=\"async\" width=\"1200\" height=\"740\" src=\"https:\/\/sc-aix.fr\/wp-content\/uploads\/2026\/08\/as-cannes_d2.webp\" class=\"attachment-post-thumbnail size-post-thumbnail wp-post-image\" alt=\"AS Cannes D2\" srcset=\"https:\/\/sc-aix.fr\/wp-content\/uploads\/2026\/08\/as-cannes_d2.webp 1200w, https:\/\/sc-aix.fr\/wp-content\/uploads\/2026\/08\/as-cannes_d2-300x185.webp 300w, https:\/\/sc-aix.fr\/wp-content\/uploads\/2026\/08\/as-cannes_d2-1024x631.webp 1024w, https:\/\/sc-aix.fr\/wp-content\/uploads\/2026\/08\/as-cannes_d2-768x474.webp 768w, https:\/\/sc-aix.fr\/wp-content\/uploads\/2026\/08\/as-cannes_d2-255x157.webp 255w, https:\/\/sc-aix.fr\/wp-content\/uploads\/2026\/08\/as-cannes_d2-128x79.webp 128w, https:\/\/sc-aix.fr\/wp-content\/uploads\/2026\/08\/as-cannes_d2-32x20.webp 32w, https:\/\/sc-aix.fr\/wp-content\/uploads\/2026\/08\/as-cannes_d2-600x370.webp 600w\" sizes=\"auto, (max-width: 1200px) 100vw, 1200px\" \/> <\/a><\/div>\n\t\t\t\t\t\t\t\t\t\t<div class=\"all-meta\">\n\t\t\t\t\t\t\t\t\t\t\t<div class=\"meta meta-date\">\n\t\t\t\t\t\t\t\t\t\t<span class=\"month-day\">07<\/span>\n                                        <span class=\"month-name\">Ao\u00fbt<\/span>\n\t\t\t\t\t\t\t\t<\/div>\n\t\t\t\t\t\t\t\t\t \t\t<div class=\"meta author\"><i class=\"glyph-icon flaticon-user-1\"><\/i> <span class=\"author\"> SCAF<\/span><\/div>\n\t\t\t\t\t\t\t\t \t\t<\/div>\n\t\t\t\t\t\t\t\t \t<\/div>\n\t\t\t\t\t\t\t\t<div class=\"bottom-shadow1 blog-meta \">\n\t\t\t\t\t\t\t\t\t\t<h3 class=\"blog-title\"><a href=\"https:\/\/sc-aix.fr\/?post_type=post&p=16839\"> Premier test face \u00e0 l&#8217;AS Cannes <\/a><\/h3>\n\t\t\t\t\t\t\t\t\t\t<div class=\"blog-desc\">\n\t\t\t\t\t\t\t\tLe Soccer Club Aix-en-Provence F\u00e9minines disputait son premier match de pr\u00e9paration de la saison 2026\/2027 face \u00e0 la r\u00e9serve de l&#8217;AS Cannes (D2), sur le terrain des M\u00fbriers III. Cette rencontre de reprise, disput\u00e9e sous une chaleur \u00e9crasante, s&#8217;est...\n\t\t\t\t\t\t\t<\/div>\n\t\t\t\t\t\t\t\t\t\t<div class=\"blog-button\"><a href=\"https:\/\/sc-aix.fr\/?post_type=post&#038;p=16839\">En savoir plus<\/a><\/div>\n\t\t\t\t\t\t\t\t<\/div>\n\t\t\t\t\t\t\t<\/div><div class=\"blog-item col-lg-6 col-md-12 style2 \">\n\t\t\t\t\t\t\t\t\t<div class=\"blog-img image-scale\">\n\t\t\t\t\t\t\t\t\t\t<div class=\"image-wrap\"><a href=\"https:\/\/sc-aix.fr\/?post_type=post&p=16684\"> <img loading=\"lazy\" decoding=\"async\" width=\"1200\" height=\"740\" src=\"https:\/\/sc-aix.fr\/wp-content\/uploads\/2026\/07\/reunion_reprise01.webp\" class=\"attachment-post-thumbnail size-post-thumbnail wp-post-image\" alt=\"R\u00e9union de reprise R1\" srcset=\"https:\/\/sc-aix.fr\/wp-content\/uploads\/2026\/07\/reunion_reprise01.webp 1200w, https:\/\/sc-aix.fr\/wp-content\/uploads\/2026\/07\/reunion_reprise01-300x185.webp 300w, https:\/\/sc-aix.fr\/wp-content\/uploads\/2026\/07\/reunion_reprise01-1024x631.webp 1024w, https:\/\/sc-aix.fr\/wp-content\/uploads\/2026\/07\/reunion_reprise01-768x474.webp 768w, https:\/\/sc-aix.fr\/wp-content\/uploads\/2026\/07\/reunion_reprise01-255x157.webp 255w, https:\/\/sc-aix.fr\/wp-content\/uploads\/2026\/07\/reunion_reprise01-128x79.webp 128w, https:\/\/sc-aix.fr\/wp-content\/uploads\/2026\/07\/reunion_reprise01-32x20.webp 32w, https:\/\/sc-aix.fr\/wp-content\/uploads\/2026\/07\/reunion_reprise01-600x370.webp 600w\" sizes=\"auto, (max-width: 1200px) 100vw, 1200px\" \/> <\/a><\/div>\n\t\t\t\t\t\t\t\t\t\t<div class=\"all-meta\">\n\t\t\t\t\t\t\t\t\t\t\t<div class=\"meta meta-date\">\n\t\t\t\t\t\t\t\t\t\t<span class=\"month-day\">28<\/span>\n                                        <span class=\"month-name\">Juil<\/span>\n\t\t\t\t\t\t\t\t<\/div>\n\t\t\t\t\t\t\t\t\t \t\t<div class=\"meta author\"><i class=\"glyph-icon flaticon-user-1\"><\/i> <span class=\"author\"> SCAF<\/span><\/div>\n\t\t\t\t\t\t\t\t \t\t<\/div>\n\t\t\t\t\t\t\t\t \t<\/div>\n\t\t\t\t\t\t\t\t<div class=\"bottom-shadow1 blog-meta \">\n\t\t\t\t\t\t\t\t\t\t<h3 class=\"blog-title\"><a href=\"https:\/\/sc-aix.fr\/?post_type=post&p=16684\"> La R1 lance officiellement sa saison <\/a><\/h3>\n\t\t\t\t\t\t\t\t\t\t<div class=\"blog-desc\">\n\t\t\t\t\t\t\t\tLa pr\u00e9paration est lanc\u00e9e pour notre \u00e9quipe R1 ! La saison 2026\/2027 est officiellement en marche pour notre \u00e9quipe premi\u00e8re ! Hier soir, joueuses et staff se sont retrouv\u00e9s pour une premi\u00e8re soir\u00e9e plac\u00e9e sous le signe de la...\n\t\t\t\t\t\t\t<\/div>\n\t\t\t\t\t\t\t\t\t\t<div class=\"blog-button\"><a href=\"https:\/\/sc-aix.fr\/?post_type=post&#038;p=16684\">En savoir plus<\/a><\/div>\n\t\t\t\t\t\t\t\t<\/div>\n\t\t\t\t\t\t\t<\/div><div class=\"blog-item col-lg-6 col-md-12 style2 \">\n\t\t\t\t\t\t\t\t\t<div class=\"blog-img image-scale\">\n\t\t\t\t\t\t\t\t\t\t<div class=\"image-wrap\"><a href=\"https:\/\/sc-aix.fr\/?post_type=post&p=16567\"> <img loading=\"lazy\" decoding=\"async\" width=\"1200\" height=\"740\" src=\"https:\/\/sc-aix.fr\/wp-content\/uploads\/2026\/07\/signature.webp\" class=\"attachment-post-thumbnail size-post-thumbnail wp-post-image\" alt=\"Signature au club des joueuses en R\u00e9gional 1\" srcset=\"https:\/\/sc-aix.fr\/wp-content\/uploads\/2026\/07\/signature.webp 1200w, https:\/\/sc-aix.fr\/wp-content\/uploads\/2026\/07\/signature-300x185.webp 300w, https:\/\/sc-aix.fr\/wp-content\/uploads\/2026\/07\/signature-1024x631.webp 1024w, https:\/\/sc-aix.fr\/wp-content\/uploads\/2026\/07\/signature-768x474.webp 768w, https:\/\/sc-aix.fr\/wp-content\/uploads\/2026\/07\/signature-255x157.webp 255w, https:\/\/sc-aix.fr\/wp-content\/uploads\/2026\/07\/signature-128x79.webp 128w, https:\/\/sc-aix.fr\/wp-content\/uploads\/2026\/07\/signature-32x20.webp 32w, https:\/\/sc-aix.fr\/wp-content\/uploads\/2026\/07\/signature-600x370.webp 600w\" sizes=\"auto, (max-width: 1200px) 100vw, 1200px\" \/> <\/a><\/div>\n\t\t\t\t\t\t\t\t\t\t<div class=\"all-meta\">\n\t\t\t\t\t\t\t\t\t\t\t<div class=\"meta meta-date\">\n\t\t\t\t\t\t\t\t\t\t<span class=\"month-day\">06<\/span>\n                                        <span class=\"month-name\">Juil<\/span>\n\t\t\t\t\t\t\t\t<\/div>\n\t\t\t\t\t\t\t\t\t \t\t<div class=\"meta author\"><i class=\"glyph-icon flaticon-user-1\"><\/i> <span class=\"author\"> SCAF<\/span><\/div>\n\t\t\t\t\t\t\t\t \t\t<\/div>\n\t\t\t\t\t\t\t\t \t<\/div>\n\t\t\t\t\t\t\t\t<div class=\"bottom-shadow1 blog-meta \">\n\t\t\t\t\t\t\t\t\t\t<h3 class=\"blog-title\"><a href=\"https:\/\/sc-aix.fr\/?post_type=post&p=16567\"> Un nouveau cycle s&#8217;ouvre pour la R1 <\/a><\/h3>\n\t\t\t\t\t\t\t\t\t\t<div class=\"blog-desc\">\n\t\t\t\t\t\t\t\t\u00c0 l&#8217;aube de la saison 2026\/2027, le Soccer Club Aix-en-Provence F\u00e9minines ouvre un nouveau chapitre pour son \u00e9quipe Seniors R\u00e9gional 1. Entre \u00e9volution du staff technique et renforcement de l&#8217;effectif, le club affiche ses ambitions avec un groupe exp\u00e9riment\u00e9,...\n\t\t\t\t\t\t\t<\/div>\n\t\t\t\t\t\t\t\t\t\t<div class=\"blog-button\"><a href=\"https:\/\/sc-aix.fr\/?post_type=post&#038;p=16567\">En savoir plus<\/a><\/div>\n\t\t\t\t\t\t\t\t<\/div>\n\t\t\t\t\t\t\t<\/div><div class=\"blog-item col-lg-6 col-md-12 style2 \">\n\t\t\t\t\t\t\t\t\t<div class=\"blog-img image-scale\">\n\t\t\t\t\t\t\t\t\t\t<div class=\"image-wrap\"><a href=\"https:\/\/sc-aix.fr\/?post_type=post&p=16541\"> <img loading=\"lazy\" decoding=\"async\" width=\"1597\" height=\"985\" src=\"https:\/\/sc-aix.fr\/wp-content\/uploads\/2026\/06\/renouvellement.webp\" class=\"attachment-post-thumbnail size-post-thumbnail wp-post-image\" alt=\"Renouvellement des licences 2026\/2027\" srcset=\"https:\/\/sc-aix.fr\/wp-content\/uploads\/2026\/06\/renouvellement.webp 1597w, https:\/\/sc-aix.fr\/wp-content\/uploads\/2026\/06\/renouvellement-300x185.webp 300w, https:\/\/sc-aix.fr\/wp-content\/uploads\/2026\/06\/renouvellement-1024x632.webp 1024w, https:\/\/sc-aix.fr\/wp-content\/uploads\/2026\/06\/renouvellement-768x474.webp 768w, https:\/\/sc-aix.fr\/wp-content\/uploads\/2026\/06\/renouvellement-1536x947.webp 1536w, https:\/\/sc-aix.fr\/wp-content\/uploads\/2026\/06\/renouvellement-255x157.webp 255w, https:\/\/sc-aix.fr\/wp-content\/uploads\/2026\/06\/renouvellement-128x79.webp 128w, https:\/\/sc-aix.fr\/wp-content\/uploads\/2026\/06\/renouvellement-32x20.webp 32w, https:\/\/sc-aix.fr\/wp-content\/uploads\/2026\/06\/renouvellement-600x370.webp 600w\" sizes=\"auto, (max-width: 1597px) 100vw, 1597px\" \/> <\/a><\/div>\n\t\t\t\t\t\t\t\t\t\t<div class=\"all-meta\">\n\t\t\t\t\t\t\t\t\t\t\t<div class=\"meta meta-date\">\n\t\t\t\t\t\t\t\t\t\t<span class=\"month-day\">09<\/span>\n                                        <span class=\"month-name\">Juin<\/span>\n\t\t\t\t\t\t\t\t<\/div>\n\t\t\t\t\t\t\t\t\t \t\t<div class=\"meta author\"><i class=\"glyph-icon flaticon-user-1\"><\/i> <span class=\"author\"> SCAF<\/span><\/div>\n\t\t\t\t\t\t\t\t \t\t<\/div>\n\t\t\t\t\t\t\t\t \t<\/div>\n\t\t\t\t\t\t\t\t<div class=\"bottom-shadow1 blog-meta \">\n\t\t\t\t\t\t\t\t\t\t<h3 class=\"blog-title\"><a href=\"https:\/\/sc-aix.fr\/?post_type=post&p=16541\"> Renouvellement des licences 2026\/2027 <\/a><\/h3>\n\t\t\t\t\t\t\t\t\t\t<div class=\"blog-desc\">\n\t\t\t\t\t\t\t\tLe Soccer Club Aix-en-Provence F\u00e9minines est heureux d&#8217;annoncer l&#8217;ouverture officielle de la campagne de renouvellement des licences pour la saison 2026\/2027. Afin de pr\u00e9parer au mieux la prochaine saison sportive, nous invitons l&#8217;ensemble de nos licenci\u00e9es \u00e0 effectuer leur...\n\t\t\t\t\t\t\t<\/div>\n\t\t\t\t\t\t\t\t\t\t<div class=\"blog-button\"><a href=\"https:\/\/sc-aix.fr\/?post_type=post&#038;p=16541\">En savoir plus<\/a><\/div>\n\t\t\t\t\t\t\t\t<\/div>\n\t\t\t\t\t\t\t<\/div><\/div><div class=\"pagination-area\"><div class=\"nav-links\"><span aria-label=\"Page 1\" aria-current=\"page\" class=\"page-numbers current\">1<\/span>\n<a aria-label=\"Page 2\" class=\"page-numbers\" href=\"https:\/\/sc-aix.fr\/index.php\/wp-json\/wp\/v2\/pages\/6672\/page\/2\/\">2<\/a>\n<a aria-label=\"Page 3\" class=\"page-numbers\" href=\"https:\/\/sc-aix.fr\/index.php\/wp-json\/wp\/v2\/pages\/6672\/page\/3\/\">3<\/a>\n<span class=\"page-numbers dots\">\u2026<\/span>\n<a aria-label=\"Page 13\" class=\"page-numbers\" href=\"https:\/\/sc-aix.fr\/index.php\/wp-json\/wp\/v2\/pages\/6672\/page\/13\/\">13<\/a>\n<a class=\"next page-numbers\" href=\"https:\/\/sc-aix.fr\/index.php\/wp-json\/wp\/v2\/pages\/6672\/page\/2\/\">Suivant\u00a0\u00bb<\/a><\/div><\/div><\/div>[\/vc_column][\/vc_row]<\/p>\n<\/div>","protected":false},"excerpt":{"rendered":"<p>[vc_row][vc_column css_animation=&#8221;fadeInUp&#8221;][\/vc_column]&#8230;<\/p>\n","protected":false},"author":1,"featured_media":0,"parent":0,"menu_order":0,"comment_status":"closed","ping_status":"closed","template":"","meta":{"rs_blank_template":"","rs_page_bg_color":"","slide_template_v7":"","footnotes":""},"class_list":["post-6672","page","type-page","status-publish","hentry"],"yoast_head":"<!-- This site is optimized with the Yoast SEO plugin v28.4 - https:\/\/yoast.com\/product\/yoast-seo-wordpress\/ -->\n<title>Actualit\u00e9s | Site officiel du Soccer Club Aix-en-Provence F\u00e9minines<\/title>\n<meta name=\"description\" content=\"Page Actualit\u00e9s du club de football f\u00e9minin SCAF fond\u00e9 en 2023 \u00e0 Aix-en-Provence pr\u00e8s de Luynes, Bouc Bel Air, Gardanne et Marseille.\" \/>\n<meta name=\"robots\" content=\"index, follow, max-snippet:-1, max-image-preview:large, max-video-preview:-1\" \/>\n<link rel=\"canonical\" href=\"https:\/\/sc-aix.fr\/index.php\/actualites-scaf\/\" \/>\n<meta property=\"og:locale\" content=\"fr_FR\" \/>\n<meta property=\"og:type\" content=\"article\" \/>\n<meta property=\"og:title\" content=\"Actualit\u00e9s | Site officiel du Soccer Club Aix-en-Provence F\u00e9minines\" \/>\n<meta property=\"og:description\" content=\"Page Actualit\u00e9s du club de football f\u00e9minin SCAF fond\u00e9 en 2023 \u00e0 Aix-en-Provence pr\u00e8s de Luynes, Bouc Bel Air, Gardanne et Marseille.\" \/>\n<meta property=\"og:url\" content=\"https:\/\/sc-aix.fr\/index.php\/actualites-scaf\/\" \/>\n<meta property=\"og:site_name\" content=\"Site officiel du Soccer Club Aix-en-Provence F\u00e9minines\" \/>\n<meta property=\"article:publisher\" content=\"https:\/\/www.facebook.com\/SportingClubAixois\/\" \/>\n<meta property=\"article:modified_time\" content=\"2025-11-28T01:38:54+00:00\" \/>\n<meta property=\"og:image\" content=\"https:\/\/sc-aix.fr\/wp-content\/uploads\/2023\/09\/logo_yoast.jpg\" \/>\n\t<meta property=\"og:image:width\" content=\"1200\" \/>\n\t<meta property=\"og:image:height\" content=\"675\" \/>\n\t<meta property=\"og:image:type\" content=\"image\/jpeg\" \/>\n<script type=\"application\/ld+json\" class=\"yoast-schema-graph\">{\"@context\":\"https:\\\/\\\/schema.org\",\"@graph\":[{\"@type\":\"WebPage\",\"@id\":\"https:\\\/\\\/sc-aix.fr\\\/index.php\\\/actualites-scaf\\\/\",\"url\":\"https:\\\/\\\/sc-aix.fr\\\/index.php\\\/actualites-scaf\\\/\",\"name\":\"Actualit\u00e9s | Site officiel du Soccer Club Aix-en-Provence F\u00e9minines\",\"isPartOf\":{\"@id\":\"https:\\\/\\\/sc-aix.fr\\\/#website\"},\"datePublished\":\"2023-06-07T12:56:10+00:00\",\"dateModified\":\"2025-11-28T01:38:54+00:00\",\"description\":\"Page Actualit\u00e9s du club de football f\u00e9minin SCAF fond\u00e9 en 2023 \u00e0 Aix-en-Provence pr\u00e8s de Luynes, Bouc Bel Air, Gardanne et Marseille.\",\"breadcrumb\":{\"@id\":\"https:\\\/\\\/sc-aix.fr\\\/index.php\\\/actualites-scaf\\\/#breadcrumb\"},\"inLanguage\":\"fr-FR\",\"potentialAction\":[{\"@type\":\"ReadAction\",\"target\":[\"https:\\\/\\\/sc-aix.fr\\\/index.php\\\/actualites-scaf\\\/\"]}]},{\"@type\":\"BreadcrumbList\",\"@id\":\"https:\\\/\\\/sc-aix.fr\\\/index.php\\\/actualites-scaf\\\/#breadcrumb\",\"itemListElement\":[{\"@type\":\"ListItem\",\"position\":1,\"name\":\"Accueil\",\"item\":\"https:\\\/\\\/sc-aix.fr\\\/\"},{\"@type\":\"ListItem\",\"position\":2,\"name\":\"Actualit\u00e9s\"}]},{\"@type\":\"WebSite\",\"@id\":\"https:\\\/\\\/sc-aix.fr\\\/#website\",\"url\":\"https:\\\/\\\/sc-aix.fr\\\/\",\"name\":\"Soccer Club Aix-en-Provence F\u00e9minines\",\"description\":\"Un club de football 100% F\u00e9minin au c\u0153ur d&#039;Aix-en-Provence.\",\"publisher\":{\"@id\":\"https:\\\/\\\/sc-aix.fr\\\/#organization\"},\"alternateName\":\"SCAF\",\"potentialAction\":[{\"@type\":\"SearchAction\",\"target\":{\"@type\":\"EntryPoint\",\"urlTemplate\":\"https:\\\/\\\/sc-aix.fr\\\/?s={search_term_string}\"},\"query-input\":{\"@type\":\"PropertyValueSpecification\",\"valueRequired\":true,\"valueName\":\"search_term_string\"}}],\"inLanguage\":\"fr-FR\"},{\"@type\":\"Organization\",\"@id\":\"https:\\\/\\\/sc-aix.fr\\\/#organization\",\"name\":\"Soccer Club Aix-en-Provence F\u00e9minines\",\"alternateName\":\"SCAF\",\"url\":\"https:\\\/\\\/sc-aix.fr\\\/\",\"logo\":{\"@type\":\"ImageObject\",\"inLanguage\":\"fr-FR\",\"@id\":\"https:\\\/\\\/sc-aix.fr\\\/#\\\/schema\\\/logo\\\/image\\\/\",\"url\":\"https:\\\/\\\/sc-aix.fr\\\/wp-content\\\/uploads\\\/2023\\\/03\\\/logo_aix_260x260.png\",\"contentUrl\":\"https:\\\/\\\/sc-aix.fr\\\/wp-content\\\/uploads\\\/2023\\\/03\\\/logo_aix_260x260.png\",\"width\":260,\"height\":260,\"caption\":\"Soccer Club Aix-en-Provence F\u00e9minines\"},\"image\":{\"@id\":\"https:\\\/\\\/sc-aix.fr\\\/#\\\/schema\\\/logo\\\/image\\\/\"},\"sameAs\":[\"https:\\\/\\\/www.facebook.com\\\/SportingClubAixois\\\/\",\"https:\\\/\\\/www.instagram.com\\\/scaixf\\\/\",\"https:\\\/\\\/www.youtube.com\\\/@SportingClubAix\",\"https:\\\/\\\/www.tiktok.com\\\/@scaixf\"]}]}<\/script>\n<!-- \/ Yoast SEO plugin. -->","yoast_head_json":{"title":"Actualit\u00e9s | Site officiel du Soccer Club Aix-en-Provence F\u00e9minines","description":"Page Actualit\u00e9s du club de football f\u00e9minin SCAF fond\u00e9 en 2023 \u00e0 Aix-en-Provence pr\u00e8s de Luynes, Bouc Bel Air, Gardanne et Marseille.","robots":{"index":"index","follow":"follow","max-snippet":"max-snippet:-1","max-image-preview":"max-image-preview:large","max-video-preview":"max-video-preview:-1"},"canonical":"https:\/\/sc-aix.fr\/index.php\/actualites-scaf\/","og_locale":"fr_FR","og_type":"article","og_title":"Actualit\u00e9s | Site officiel du Soccer Club Aix-en-Provence F\u00e9minines","og_description":"Page Actualit\u00e9s du club de football f\u00e9minin SCAF fond\u00e9 en 2023 \u00e0 Aix-en-Provence pr\u00e8s de Luynes, Bouc Bel Air, Gardanne et Marseille.","og_url":"https:\/\/sc-aix.fr\/index.php\/actualites-scaf\/","og_site_name":"Site officiel du Soccer Club Aix-en-Provence F\u00e9minines","article_publisher":"https:\/\/www.facebook.com\/SportingClubAixois\/","article_modified_time":"2025-11-28T01:38:54+00:00","og_image":[{"width":1200,"height":675,"url":"https:\/\/sc-aix.fr\/wp-content\/uploads\/2023\/09\/logo_yoast.jpg","type":"image\/jpeg"}],"schema":{"@context":"https:\/\/schema.org","@graph":[{"@type":"WebPage","@id":"https:\/\/sc-aix.fr\/index.php\/actualites-scaf\/","url":"https:\/\/sc-aix.fr\/index.php\/actualites-scaf\/","name":"Actualit\u00e9s | Site officiel du Soccer Club Aix-en-Provence F\u00e9minines","isPartOf":{"@id":"https:\/\/sc-aix.fr\/#website"},"datePublished":"2023-06-07T12:56:10+00:00","dateModified":"2025-11-28T01:38:54+00:00","description":"Page Actualit\u00e9s du club de football f\u00e9minin SCAF fond\u00e9 en 2023 \u00e0 Aix-en-Provence pr\u00e8s de Luynes, Bouc Bel Air, Gardanne et Marseille.","breadcrumb":{"@id":"https:\/\/sc-aix.fr\/index.php\/actualites-scaf\/#breadcrumb"},"inLanguage":"fr-FR","potentialAction":[{"@type":"ReadAction","target":["https:\/\/sc-aix.fr\/index.php\/actualites-scaf\/"]}]},{"@type":"BreadcrumbList","@id":"https:\/\/sc-aix.fr\/index.php\/actualites-scaf\/#breadcrumb","itemListElement":[{"@type":"ListItem","position":1,"name":"Accueil","item":"https:\/\/sc-aix.fr\/"},{"@type":"ListItem","position":2,"name":"Actualit\u00e9s"}]},{"@type":"WebSite","@id":"https:\/\/sc-aix.fr\/#website","url":"https:\/\/sc-aix.fr\/","name":"Soccer Club Aix-en-Provence F\u00e9minines","description":"Un club de football 100% F\u00e9minin au c\u0153ur d&#039;Aix-en-Provence.","publisher":{"@id":"https:\/\/sc-aix.fr\/#organization"},"alternateName":"SCAF","potentialAction":[{"@type":"SearchAction","target":{"@type":"EntryPoint","urlTemplate":"https:\/\/sc-aix.fr\/?s={search_term_string}"},"query-input":{"@type":"PropertyValueSpecification","valueRequired":true,"valueName":"search_term_string"}}],"inLanguage":"fr-FR"},{"@type":"Organization","@id":"https:\/\/sc-aix.fr\/#organization","name":"Soccer Club Aix-en-Provence F\u00e9minines","alternateName":"SCAF","url":"https:\/\/sc-aix.fr\/","logo":{"@type":"ImageObject","inLanguage":"fr-FR","@id":"https:\/\/sc-aix.fr\/#\/schema\/logo\/image\/","url":"https:\/\/sc-aix.fr\/wp-content\/uploads\/2023\/03\/logo_aix_260x260.png","contentUrl":"https:\/\/sc-aix.fr\/wp-content\/uploads\/2023\/03\/logo_aix_260x260.png","width":260,"height":260,"caption":"Soccer Club Aix-en-Provence F\u00e9minines"},"image":{"@id":"https:\/\/sc-aix.fr\/#\/schema\/logo\/image\/"},"sameAs":["https:\/\/www.facebook.com\/SportingClubAixois\/","https:\/\/www.instagram.com\/scaixf\/","https:\/\/www.youtube.com\/@SportingClubAix","https:\/\/www.tiktok.com\/@scaixf"]}]}},"_links":{"self":[{"href":"https:\/\/sc-aix.fr\/index.php\/wp-json\/wp\/v2\/pages\/6672","targetHints":{"allow":["GET"]}}],"collection":[{"href":"https:\/\/sc-aix.fr\/index.php\/wp-json\/wp\/v2\/pages"}],"about":[{"href":"https:\/\/sc-aix.fr\/index.php\/wp-json\/wp\/v2\/types\/page"}],"author":[{"embeddable":true,"href":"https:\/\/sc-aix.fr\/index.php\/wp-json\/wp\/v2\/users\/1"}],"replies":[{"embeddable":true,"href":"https:\/\/sc-aix.fr\/index.php\/wp-json\/wp\/v2\/comments?post=6672"}],"version-history":[{"count":0,"href":"https:\/\/sc-aix.fr\/index.php\/wp-json\/wp\/v2\/pages\/6672\/revisions"}],"wp:attachment":[{"href":"https:\/\/sc-aix.fr\/index.php\/wp-json\/wp\/v2\/media?parent=6672"}],"curies":[{"name":"wp","href":"https:\/\/api.w.org\/{rel}","templated":true}]}}